{"id":10989,"date":"2022-10-15T16:58:09","date_gmt":"2022-10-15T14:58:09","guid":{"rendered":"https:\/\/ticino-gastronomico.ch\/evento\/kaesemarkt\/"},"modified":"2022-10-15T17:12:32","modified_gmt":"2022-10-15T15:12:32","slug":"kaesemarkt","status":"publish","type":"mec-events","link":"https:\/\/ticino-gastronomico.ch\/de\/evento\/kaesemarkt\/","title":{"rendered":"K\u00e4semarkt"},"content":{"rendered":"<p>Im Stadtzentrum von Bellinzona werden zahlreiche St\u00e4nde mit Tessiner und Mesolcinaer Alpk\u00e4se zu finden sein, der das Ergebnis der sommerlichen Arbeit der \u00c4lpler auf den verschiedenen Almen ist. In Anbetracht des Zeitraums ist diese \u00dcberpr\u00fcfung eine der ersten nach der Entladung der Alpen. Tats\u00e4chlich wurden die meisten Alpen im September entladen, aber einige zogen sich bis Anfang Oktober hin, also kurz vor der \u00dcberpr\u00fcfung. Einer &#8211; oder vielleicht sogar der gr\u00f6\u00dfte &#8211; Markt f\u00fcr Alpk\u00e4se, verschiedene Kuh- und Ziegenk\u00e4se sowie Kuh-\/Ziegenmischungen werden hier angeboten.<\/p>\n","protected":false},"excerpt":{"rendered":"<p>Im Stadtzentrum von Bellinzona werden zahlreiche St\u00e4nde mit Tessiner und Mesolcinaer Alpk\u00e4se zu finden sein, der das Ergebnis der sommerlichen Arbeit der \u00c4lpler auf den verschiedenen Almen ist. In Anbetracht des Zeitraums ist diese \u00dcberpr\u00fcfung eine der ersten nach der Entladung der Alpen. Tats\u00e4chlich wurden die meisten Alpen im September entladen, aber einige zogen sich [&hellip;]<\/p>\n","protected":false},"author":656,"featured_media":10987,"comment_status":"open","ping_status":"closed","template":"","mec_category":[],"mec_tag":[275,279,276,277,278,274],"class_list":["post-10989","mec-events","type-mec-events","status-publish","has-post-thumbnail","hentry","mec_tag-bellinzona","mec_tag-formagella","mec_tag-formaggini","mec_tag-formaggio-dalpe","mec_tag-formaggio-ticinese","mec_tag-mercato"],"acf":[],"_links":{"self":[{"href":"https:\/\/ticino-gastronomico.ch\/de\/wp-json\/wp\/v2\/mec-events\/10989","targetHints":{"allow":["GET"]}}],"collection":[{"href":"https:\/\/ticino-gastronomico.ch\/de\/wp-json\/wp\/v2\/mec-events"}],"about":[{"href":"https:\/\/ticino-gastronomico.ch\/de\/wp-json\/wp\/v2\/types\/mec-events"}],"author":[{"embeddable":true,"href":"https:\/\/ticino-gastronomico.ch\/de\/wp-json\/wp\/v2\/users\/656"}],"replies":[{"embeddable":true,"href":"https:\/\/ticino-gastronomico.ch\/de\/wp-json\/wp\/v2\/comments?post=10989"}],"wp:featuredmedia":[{"embeddable":true,"href":"https:\/\/ticino-gastronomico.ch\/de\/wp-json\/wp\/v2\/media\/10987"}],"wp:attachment":[{"href":"https:\/\/ticino-gastronomico.ch\/de\/wp-json\/wp\/v2\/media?parent=10989"}],"wp:term":[{"taxonomy":"mec_category","embeddable":true,"href":"https:\/\/ticino-gastronomico.ch\/de\/wp-json\/wp\/v2\/mec_category?post=10989"},{"taxonomy":"mec_tag","embeddable":true,"href":"https:\/\/ticino-gastronomico.ch\/de\/wp-json\/wp\/v2\/mec_tag?post=10989"}],"curies":[{"name":"wp","href":"https:\/\/api.w.org\/{rel}","templated":true}]}}