{"id":24026,"date":"2023-03-12T17:48:41","date_gmt":"2023-03-12T16:48:41","guid":{"rendered":"https:\/\/ticino-gastronomico.ch\/evento\/fest-des-heiligen-josef-in-ligornetto\/"},"modified":"2023-03-12T17:48:51","modified_gmt":"2023-03-12T16:48:51","slug":"fest-des-heiligen-josef-in-ligornetto","status":"publish","type":"mec-events","link":"https:\/\/ticino-gastronomico.ch\/de\/evento\/fest-des-heiligen-josef-in-ligornetto\/","title":{"rendered":"Fest des Heiligen Josef in Ligornetto"},"content":{"rendered":"<p>Am 19. M\u00e4rz wird, wie jedes Jahr zum Fr\u00fchlingsanfang, das traditionelle Josefsfest wiederbelebt.<br \/>\nZahlreiche Gl\u00e4ubige und Touristen beleben den Kirchhof der kleinen Kirche, die dem Heiligen geweiht ist, schon in den fr\u00fchen Morgenstunden und st\u00f6bern zwischen den zahlreichen St\u00e4nden, an denen man alles von S\u00fc\u00dfigkeiten bis zu Delikatessen, von Stoffen bis zu Blumen und Kinderspielzeug finden kann.<\/p>\n<p>Die Gl\u00e4ubigsten, aber auch viele Neugierige, besuchen die sch\u00f6ne Kirche, nehmen an der Messe teil und beten zum Schutzpatron.<br \/>\nAuf der umliegenden Wiese geht die Party dann weiter, angefeuert von der st\u00e4dtischen Philharmonie und erg\u00e4nzt durch leckeres Essen.<br \/>\nNicht fehlen d\u00fcrfen die traditionellen Tortelli, die nach einem alten Rezept zubereitet werden und heute im ganzen Kanton bekannt sind.<\/p>\n","protected":false},"excerpt":{"rendered":"<p>Am 19. M\u00e4rz wird, wie jedes Jahr zum Fr\u00fchlingsanfang, das traditionelle Josefsfest wiederbelebt. Zahlreiche Gl\u00e4ubige und Touristen beleben den Kirchhof der kleinen Kirche, die dem Heiligen geweiht ist, schon in den fr\u00fchen Morgenstunden und st\u00f6bern zwischen den zahlreichen St\u00e4nden, an denen man alles von S\u00fc\u00dfigkeiten bis zu Delikatessen, von Stoffen bis zu Blumen und Kinderspielzeug [&hellip;]<\/p>\n","protected":false},"author":656,"featured_media":24023,"comment_status":"open","ping_status":"closed","template":"","mec_category":[],"mec_tag":[189,290,291,399,400],"class_list":["post-24026","mec-events","type-mec-events","status-publish","has-post-thumbnail","hentry","mec_tag-gastronomia","mec_tag-prodotti-alimentari-ticinesi","mec_tag-rassegna-agroalimentare","mec_tag-sagra","mec_tag-tortelli"],"acf":[],"_links":{"self":[{"href":"https:\/\/ticino-gastronomico.ch\/de\/wp-json\/wp\/v2\/mec-events\/24026","targetHints":{"allow":["GET"]}}],"collection":[{"href":"https:\/\/ticino-gastronomico.ch\/de\/wp-json\/wp\/v2\/mec-events"}],"about":[{"href":"https:\/\/ticino-gastronomico.ch\/de\/wp-json\/wp\/v2\/types\/mec-events"}],"author":[{"embeddable":true,"href":"https:\/\/ticino-gastronomico.ch\/de\/wp-json\/wp\/v2\/users\/656"}],"replies":[{"embeddable":true,"href":"https:\/\/ticino-gastronomico.ch\/de\/wp-json\/wp\/v2\/comments?post=24026"}],"wp:featuredmedia":[{"embeddable":true,"href":"https:\/\/ticino-gastronomico.ch\/de\/wp-json\/wp\/v2\/media\/24023"}],"wp:attachment":[{"href":"https:\/\/ticino-gastronomico.ch\/de\/wp-json\/wp\/v2\/media?parent=24026"}],"wp:term":[{"taxonomy":"mec_category","embeddable":true,"href":"https:\/\/ticino-gastronomico.ch\/de\/wp-json\/wp\/v2\/mec_category?post=24026"},{"taxonomy":"mec_tag","embeddable":true,"href":"https:\/\/ticino-gastronomico.ch\/de\/wp-json\/wp\/v2\/mec_tag?post=24026"}],"curies":[{"name":"wp","href":"https:\/\/api.w.org\/{rel}","templated":true}]}}