{"id":39619,"date":"2023-08-20T12:52:51","date_gmt":"2023-08-20T10:52:51","guid":{"rendered":"https:\/\/ticino-gastronomico.ch\/evento\/bruzella-muehlenfest\/"},"modified":"2023-08-20T12:52:51","modified_gmt":"2023-08-20T10:52:51","slug":"bruzella-muehlenfest","status":"publish","type":"mec-events","link":"https:\/\/ticino-gastronomico.ch\/de\/evento\/bruzella-muehlenfest\/","title":{"rendered":"Bruzella-M\u00fchlenfest"},"content":{"rendered":"<p>Wie jedes Jahr organisiert das <em>Ethnografische Museum des Muggiotals <\/em>am letzten Sonntag im August das <strong>traditionelle M\u00fchlenfest<\/strong>.<\/p>\n<p>Mittagessen <em>ab 12.15<\/em> Uhr mit:<\/p>\n<ul>\n<li>Maisbrot mit Wurst und K\u00e4se<\/li>\n<li>Polenta, zubereitet aus lokal gemahlenem Mehl und serviert mit\n<ul>\n<li>K\u00e4sesorten<\/li>\n<li>bruscitt&#8220; (neuer Vorschlag)<\/li>\n<li>Milch<\/li>\n<\/ul>\n<\/li>\n<li>oder Polenta uncia<\/li>\n<li>hausgemachte Kuchen<\/li>\n<\/ul>\n<p>Anschlie\u00dfend gibt es Musik, eine Buvette, eine Tombola und die M\u00f6glichkeit, die arbeitende M\u00fchle zu besichtigen und traditionelle M\u00fchlenprodukte zu kaufen.<\/p>\n<p>Angesichts der begrenzten Verf\u00fcgbarkeit von Parkpl\u00e4tzen empfehlen wir dringend die Benutzung \u00f6ffentlicher Verkehrsmittel, um Bruzella oder Cabbio zu erreichen.<\/p>\n<p><strong>ACHTUNG: obligatorische Reservierung per E-Mail: <\/strong><a href=\"mailto:eventi@mevm.ch\"><br \/>\n  <strong>eventi@mevm.ch<\/strong><br \/>\n<\/a><br \/>\n<strong>(Name, Anzahl der Teilnehmer und Telefonnummer angeben)<\/strong><\/p>\n","protected":false},"excerpt":{"rendered":"<p>Wie jedes Jahr organisiert das Ethnografische Museum des Muggiotals am letzten Sonntag im August das traditionelle M\u00fchlenfest. Mittagessen ab 12.15 Uhr mit: Maisbrot mit Wurst und K\u00e4se Polenta, zubereitet aus lokal gemahlenem Mehl und serviert mit K\u00e4sesorten bruscitt&#8220; (neuer Vorschlag) Milch oder Polenta uncia hausgemachte Kuchen Anschlie\u00dfend gibt es Musik, eine Buvette, eine Tombola und [&hellip;]<\/p>\n","protected":false},"author":656,"featured_media":39617,"comment_status":"open","ping_status":"closed","template":"","mec_category":[],"mec_tag":[189,199,548],"class_list":["post-39619","mec-events","type-mec-events","status-publish","has-post-thumbnail","hentry","mec_tag-gastronomia","mec_tag-mendrisiotto","mec_tag-val-di-muggio"],"acf":[],"_links":{"self":[{"href":"https:\/\/ticino-gastronomico.ch\/de\/wp-json\/wp\/v2\/mec-events\/39619","targetHints":{"allow":["GET"]}}],"collection":[{"href":"https:\/\/ticino-gastronomico.ch\/de\/wp-json\/wp\/v2\/mec-events"}],"about":[{"href":"https:\/\/ticino-gastronomico.ch\/de\/wp-json\/wp\/v2\/types\/mec-events"}],"author":[{"embeddable":true,"href":"https:\/\/ticino-gastronomico.ch\/de\/wp-json\/wp\/v2\/users\/656"}],"replies":[{"embeddable":true,"href":"https:\/\/ticino-gastronomico.ch\/de\/wp-json\/wp\/v2\/comments?post=39619"}],"wp:featuredmedia":[{"embeddable":true,"href":"https:\/\/ticino-gastronomico.ch\/de\/wp-json\/wp\/v2\/media\/39617"}],"wp:attachment":[{"href":"https:\/\/ticino-gastronomico.ch\/de\/wp-json\/wp\/v2\/media?parent=39619"}],"wp:term":[{"taxonomy":"mec_category","embeddable":true,"href":"https:\/\/ticino-gastronomico.ch\/de\/wp-json\/wp\/v2\/mec_category?post=39619"},{"taxonomy":"mec_tag","embeddable":true,"href":"https:\/\/ticino-gastronomico.ch\/de\/wp-json\/wp\/v2\/mec_tag?post=39619"}],"curies":[{"name":"wp","href":"https:\/\/api.w.org\/{rel}","templated":true}]}}