{"id":5576,"date":"2023-09-09T18:21:36","date_gmt":"2023-09-09T16:21:36","guid":{"rendered":"https:\/\/ticino-gastronomico.ch\/evento\/gastronomischer-herbst-lago-maggiore-und-taeler\/"},"modified":"2023-09-09T18:20:55","modified_gmt":"2023-09-09T16:20:55","slug":"gastronomischer-herbst-lago-maggiore-und-taeler","status":"publish","type":"mec-events","link":"https:\/\/ticino-gastronomico.ch\/de\/evento\/gastronomischer-herbst-lago-maggiore-und-taeler\/","title":{"rendered":"Gastronomischer Herbst Lago Maggiore und T\u00e4ler"},"content":{"rendered":"<p>Wenn sich die B\u00e4ume zu f\u00e4rben beginnen und der Duft von ger\u00f6steten Kastanien durch die Stra\u00dfen zieht, bereiten sich die K\u00fcchen der Region Ascona-Locarno darauf vor, K\u00f6stlichkeiten in H\u00fclle und F\u00fclle anzubieten.<br \/>\nDer Herbst bietet eine gro\u00dfe Auswahl an lokalen Produkten, die in den Restaurants und Grotti der Region zu k\u00f6stlichen Gerichten verarbeitet werden.<br \/>\nUnd in dieser Zeit, dank der kulinarischen Wochen der Herbstgastronomie, brutzeln die T\u00f6pfe, um traditionelle Gerichte mit frischen Zutaten aus unseren W\u00e4ldern und T\u00e4lern zuzubereiten.<br \/>\nDer Gastronomische Herbst umfasst mehr als 50 Restaurants und eine breite Palette von Spezialit\u00e4ten.<\/p>\n","protected":false},"excerpt":{"rendered":"<p>Wenn sich die B\u00e4ume zu f\u00e4rben beginnen und der Duft von ger\u00f6steten Kastanien durch die Stra\u00dfen zieht, bereiten sich die K\u00fcchen der Region Ascona-Locarno darauf vor, K\u00f6stlichkeiten in H\u00fclle und F\u00fclle anzubieten. Der Herbst bietet eine gro\u00dfe Auswahl an lokalen Produkten, die in den Restaurants und Grotti der Region zu k\u00f6stlichen Gerichten verarbeitet werden. Und [&hellip;]<\/p>\n","protected":false},"author":656,"featured_media":5261,"comment_status":"open","ping_status":"closed","template":"","mec_category":[],"mec_tag":[198],"class_list":["post-5576","mec-events","type-mec-events","status-publish","has-post-thumbnail","hentry","mec_tag-rassegna-gastronomica"],"acf":[],"_links":{"self":[{"href":"https:\/\/ticino-gastronomico.ch\/de\/wp-json\/wp\/v2\/mec-events\/5576","targetHints":{"allow":["GET"]}}],"collection":[{"href":"https:\/\/ticino-gastronomico.ch\/de\/wp-json\/wp\/v2\/mec-events"}],"about":[{"href":"https:\/\/ticino-gastronomico.ch\/de\/wp-json\/wp\/v2\/types\/mec-events"}],"author":[{"embeddable":true,"href":"https:\/\/ticino-gastronomico.ch\/de\/wp-json\/wp\/v2\/users\/656"}],"replies":[{"embeddable":true,"href":"https:\/\/ticino-gastronomico.ch\/de\/wp-json\/wp\/v2\/comments?post=5576"}],"wp:featuredmedia":[{"embeddable":true,"href":"https:\/\/ticino-gastronomico.ch\/de\/wp-json\/wp\/v2\/media\/5261"}],"wp:attachment":[{"href":"https:\/\/ticino-gastronomico.ch\/de\/wp-json\/wp\/v2\/media?parent=5576"}],"wp:term":[{"taxonomy":"mec_category","embeddable":true,"href":"https:\/\/ticino-gastronomico.ch\/de\/wp-json\/wp\/v2\/mec_category?post=5576"},{"taxonomy":"mec_tag","embeddable":true,"href":"https:\/\/ticino-gastronomico.ch\/de\/wp-json\/wp\/v2\/mec_tag?post=5576"}],"curies":[{"name":"wp","href":"https:\/\/api.w.org\/{rel}","templated":true}]}}